{"id":18,"date":"2020-05-29T19:10:04","date_gmt":"2020-05-29T17:10:04","guid":{"rendered":"https:\/\/www.canmiquel.cat\/?page_id=18"},"modified":"2024-09-20T19:31:56","modified_gmt":"2024-09-20T17:31:56","slug":"avis-legal","status":"publish","type":"page","link":"https:\/\/www.canmiquel.cat\/es\/avis-legal\/","title":{"rendered":"Aviso legal"},"content":{"rendered":"<h4>Informaci\u00f3n de conformidad con el art\u00edculo 10 de la LSSI<\/h4>\n<h3>El titular de esta web es:<\/h3>\n<p>Identidad: <strong>Can Miquel SL<\/strong><br \/>\nCIF: <strong>B17278672<\/strong><br \/>\nDirecci\u00f3n: <strong>Calle Especiers, 11 | 17220 Sant Feliu de Gu\u00edxols. Girona.<br \/>\n<\/strong>Tel\u00e9fono: <strong>972 32 03 30<br \/>\n<\/strong>Correo electr\u00f3nico<strong>:<\/strong> <a href=\"mailto:canmiquel@canmiquel.cat\"><strong>canmiquel@canmiquel.cat<\/strong><\/a><\/p>\n<h3>Condiciones de uso<\/h3>\n<p style=\"text-align: justify;\">El uso de esta web implica la aceptaci\u00f3n plena de los t\u00e9rminos y condiciones del presente aviso legal. Los posibles conflictos relativos a esta web se regir\u00e1n exclusivamente por el derecho del Estado espa\u00f1ol. Toda persona usuaria de la web, independientemente de la jurisdicci\u00f3n territorial desde la que se produzca su acceso, acepta el cumplimiento y respeto de estas cl\u00e1usulas con renuncia expresa a cualquier otro fuero que pudiera corresponderle.<\/p>\n<h3>Propiedad intelectual e industrial<\/h3>\n<p style=\"text-align: justify;\" class=\"translation-block\">La totalidad del contenido de este sitio web, ya sean textos, im\u00e1genes, sonidos, marcas, logotipos u otros elementos, as\u00ed como subestructura, dise\u00f1o, combinaciones de colores o forma de presentaci\u00f3n de los materiales, est\u00e1n protegidos por derechos de propiedad industrial e intelectual que el usuario de este sitio web debe respetar. No es l\u00edcita su transformaci\u00f3n o alteraci\u00f3n, comunicaci\u00f3n p\u00fablica o cualquier otra forma de explotaci\u00f3n por cualquier procedimiento sin la autorizaci\u00f3n expresa de <strong>Can Miquel SL<\/strong>.<\/p>\n<h3>Responsabilidad sobre los contenidos<\/h3>\n<p style=\"text-align: justify;\" class=\"translation-block\">Aunque <strong>Can Miquel<\/strong> act\u00faa con la m\u00e1xima diligencia posible, puede darse el caso de que alg\u00fan dato o informaci\u00f3n no est\u00e9 del todo actualizada en el momento que el usuario del sitio web lo consulte. Por ello, las informaciones que se presentan en esta web tienen una funci\u00f3n orientativa y no obligan a <strong>Can Miquel<\/strong>.<\/p>\n<p style=\"text-align: justify;\" class=\"translation-block\"><strong>Can Miquel<\/strong> no ser\u00e1 responsable de la informaci\u00f3n que se pueda obtener a trav\u00e9s de enlaces incluidos en su web.<\/p>\n<p style=\"text-align: justify;\" class=\"translation-block\"><strong>Can Miquel<\/strong> se reserva la facultad de realizar, en cualquier momento y sin necesidad de preaviso, modificaciones o actualizaciones de la informaci\u00f3n y de cualquiera de los elementos que integren el dise\u00f1o y configuraci\u00f3n de la p\u00e1gina web.<\/p>\n<h3>Ley aplicable y jurisdicci\u00f3n<\/h3>\n<p style=\"text-align: justify;\">El uso de esta web implica la aceptaci\u00f3n plena de los t\u00e9rminos y condiciones del presente aviso legal. Los posibles conflictos relativos a esta web se regir\u00e1n exclusivamente por el derecho del Estado espa\u00f1ol. Toda persona usuaria de la web, independientemente de la jurisdicci\u00f3n territorial desde la que se produzca su acceso, acepta el cumplimiento y respeto de estas cl\u00e1usulas con renuncia expresa a cualquier otro fuero que pudiera corresponderle.<\/p>","protected":false},"excerpt":{"rendered":"<p>Informaci\u00f3 de Conformitat amb l&#8217;article 10 de la LSSI El titular d&#8217;aquesta web \u00e9s: Identitat: Can Miquel SL CIF: B17278672 Adre\u00e7a: Carrer Especiers, 11 | 17220 Sant Feliu de Gu\u00edxols. Girona. Tel\u00e8fon: 972 32 03 30 Correu electr\u00f2nic: canmiquel@canmiquel.cat Condicions d&#8217;\u00fas L&#8217;\u00fas d&#8217;aquest web implica l&#8217;acceptaci\u00f3 plena dels termes i condicions del present av\u00eds legal.<br \/><a class=\"moretag\" href=\"https:\/\/www.canmiquel.cat\/es\/avis-legal\/\">+ Read More<\/a><\/p>","protected":false},"author":1,"featured_media":1487,"parent":0,"menu_order":0,"comment_status":"closed","ping_status":"closed","template":"","meta":{"footnotes":""},"class_list":["post-18","page","type-page","status-publish","has-post-thumbnail","hentry"],"yoast_head":"<!-- This site is optimized with the Yoast SEO plugin v27.5 - https:\/\/yoast.com\/product\/yoast-seo-wordpress\/ -->\n<title>Av\u00eds legal - Can Miquel<\/title>\n<meta name=\"robots\" content=\"index, follow, max-snippet:-1, max-image-preview:large, max-video-preview:-1\" \/>\n<link rel=\"canonical\" href=\"https:\/\/www.canmiquel.cat\/es\/avis-legal\/\" \/>\n<meta property=\"og:locale\" content=\"es_ES\" \/>\n<meta property=\"og:type\" content=\"article\" \/>\n<meta property=\"og:title\" content=\"Av\u00eds legal - Can Miquel\" \/>\n<meta property=\"og:description\" content=\"Informaci\u00f3 de Conformitat amb l&#8217;article 10 de la LSSI El titular d&#8217;aquesta web \u00e9s: Identitat: Can Miquel SL CIF: B17278672 Adre\u00e7a: Carrer Especiers, 11 | 17220 Sant Feliu de Gu\u00edxols. Girona. Tel\u00e8fon: 972 32 03 30 Correu electr\u00f2nic: canmiquel@canmiquel.cat Condicions d&#8217;\u00fas L&#8217;\u00fas d&#8217;aquest web implica l&#8217;acceptaci\u00f3 plena dels termes i condicions del present av\u00eds legal.+ Read More\" \/>\n<meta property=\"og:url\" content=\"https:\/\/www.canmiquel.cat\/es\/avis-legal\/\" \/>\n<meta property=\"og:site_name\" content=\"Can Miquel\" \/>\n<meta property=\"article:modified_time\" content=\"2024-09-20T17:31:56+00:00\" \/>\n<meta property=\"og:image\" content=\"https:\/\/www.canmiquel.cat\/wp-content\/uploads\/2020\/09\/Can-Miquel-Avis-legal-H-.jpg\" \/>\n\t<meta property=\"og:image:width\" content=\"1400\" \/>\n\t<meta property=\"og:image:height\" content=\"360\" \/>\n\t<meta property=\"og:image:type\" content=\"image\/jpeg\" \/>\n<meta name=\"twitter:card\" content=\"summary_large_image\" \/>\n<meta name=\"twitter:label1\" content=\"Tiempo de lectura\" \/>\n\t<meta name=\"twitter:data1\" content=\"2 minutos\" \/>\n<script type=\"application\/ld+json\" class=\"yoast-schema-graph\">{\"@context\":\"https:\\\/\\\/schema.org\",\"@graph\":[{\"@type\":\"WebPage\",\"@id\":\"https:\\\/\\\/www.canmiquel.cat\\\/avis-legal\\\/\",\"url\":\"https:\\\/\\\/www.canmiquel.cat\\\/avis-legal\\\/\",\"name\":\"Av\u00eds legal - Can Miquel\",\"isPartOf\":{\"@id\":\"https:\\\/\\\/www.canmiquel.cat\\\/#website\"},\"primaryImageOfPage\":{\"@id\":\"https:\\\/\\\/www.canmiquel.cat\\\/avis-legal\\\/#primaryimage\"},\"image\":{\"@id\":\"https:\\\/\\\/www.canmiquel.cat\\\/avis-legal\\\/#primaryimage\"},\"thumbnailUrl\":\"https:\\\/\\\/www.canmiquel.cat\\\/wp-content\\\/uploads\\\/2020\\\/09\\\/Can-Miquel-Avis-legal-H-.jpg\",\"datePublished\":\"2020-05-29T17:10:04+00:00\",\"dateModified\":\"2024-09-20T17:31:56+00:00\",\"breadcrumb\":{\"@id\":\"https:\\\/\\\/www.canmiquel.cat\\\/avis-legal\\\/#breadcrumb\"},\"inLanguage\":\"es\",\"potentialAction\":[{\"@type\":\"ReadAction\",\"target\":[\"https:\\\/\\\/www.canmiquel.cat\\\/avis-legal\\\/\"]}]},{\"@type\":\"ImageObject\",\"inLanguage\":\"es\",\"@id\":\"https:\\\/\\\/www.canmiquel.cat\\\/avis-legal\\\/#primaryimage\",\"url\":\"https:\\\/\\\/www.canmiquel.cat\\\/wp-content\\\/uploads\\\/2020\\\/09\\\/Can-Miquel-Avis-legal-H-.jpg\",\"contentUrl\":\"https:\\\/\\\/www.canmiquel.cat\\\/wp-content\\\/uploads\\\/2020\\\/09\\\/Can-Miquel-Avis-legal-H-.jpg\",\"width\":1400,\"height\":360,\"caption\":\"Can Miquel | Av\u00eds legal\"},{\"@type\":\"BreadcrumbList\",\"@id\":\"https:\\\/\\\/www.canmiquel.cat\\\/avis-legal\\\/#breadcrumb\",\"itemListElement\":[{\"@type\":\"ListItem\",\"position\":1,\"name\":\"Home\",\"item\":\"https:\\\/\\\/www.canmiquel.cat\\\/\"},{\"@type\":\"ListItem\",\"position\":2,\"name\":\"Av\u00eds legal\"}]},{\"@type\":\"WebSite\",\"@id\":\"https:\\\/\\\/www.canmiquel.cat\\\/#website\",\"url\":\"https:\\\/\\\/www.canmiquel.cat\\\/\",\"name\":\"Can Miquel\",\"description\":\"Carnisseria i xarcuteria selecta-delicatessen a Sant Feliu de Gu\u00edxols\",\"publisher\":{\"@id\":\"https:\\\/\\\/www.canmiquel.cat\\\/#organization\"},\"potentialAction\":[{\"@type\":\"SearchAction\",\"target\":{\"@type\":\"EntryPoint\",\"urlTemplate\":\"https:\\\/\\\/www.canmiquel.cat\\\/?s={search_term_string}\"},\"query-input\":{\"@type\":\"PropertyValueSpecification\",\"valueRequired\":true,\"valueName\":\"search_term_string\"}}],\"inLanguage\":\"es\"},{\"@type\":\"Organization\",\"@id\":\"https:\\\/\\\/www.canmiquel.cat\\\/#organization\",\"name\":\"Can Miquel\",\"url\":\"https:\\\/\\\/www.canmiquel.cat\\\/\",\"logo\":{\"@type\":\"ImageObject\",\"inLanguage\":\"es\",\"@id\":\"https:\\\/\\\/www.canmiquel.cat\\\/#\\\/schema\\\/logo\\\/image\\\/\",\"url\":\"https:\\\/\\\/www.canmiquel.cat\\\/wp-content\\\/uploads\\\/2020\\\/09\\\/Can-Miquel-Logo.png\",\"contentUrl\":\"https:\\\/\\\/www.canmiquel.cat\\\/wp-content\\\/uploads\\\/2020\\\/09\\\/Can-Miquel-Logo.png\",\"width\":193,\"height\":80,\"caption\":\"Can Miquel\"},\"image\":{\"@id\":\"https:\\\/\\\/www.canmiquel.cat\\\/#\\\/schema\\\/logo\\\/image\\\/\"},\"sameAs\":[\"https:\\\/\\\/www.instagram.com\\\/eldaudecanmiquel\\\/\"]}]}<\/script>\n<!-- \/ Yoast SEO plugin. -->","yoast_head_json":{"title":"Aviso legal - Can Miquel","robots":{"index":"index","follow":"follow","max-snippet":"max-snippet:-1","max-image-preview":"max-image-preview:large","max-video-preview":"max-video-preview:-1"},"canonical":"https:\/\/www.canmiquel.cat\/es\/avis-legal\/","og_locale":"es_ES","og_type":"article","og_title":"Av\u00eds legal - Can Miquel","og_description":"Informaci\u00f3 de Conformitat amb l&#8217;article 10 de la LSSI El titular d&#8217;aquesta web \u00e9s: Identitat: Can Miquel SL CIF: B17278672 Adre\u00e7a: Carrer Especiers, 11 | 17220 Sant Feliu de Gu\u00edxols. Girona. Tel\u00e8fon: 972 32 03 30 Correu electr\u00f2nic: canmiquel@canmiquel.cat Condicions d&#8217;\u00fas L&#8217;\u00fas d&#8217;aquest web implica l&#8217;acceptaci\u00f3 plena dels termes i condicions del present av\u00eds legal.+ Read More","og_url":"https:\/\/www.canmiquel.cat\/es\/avis-legal\/","og_site_name":"Can Miquel","article_modified_time":"2024-09-20T17:31:56+00:00","og_image":[{"width":1400,"height":360,"url":"https:\/\/www.canmiquel.cat\/wp-content\/uploads\/2020\/09\/Can-Miquel-Avis-legal-H-.jpg","type":"image\/jpeg"}],"twitter_card":"summary_large_image","twitter_misc":{"Tiempo de lectura":"2 minutos"},"schema":{"@context":"https:\/\/schema.org","@graph":[{"@type":"WebPage","@id":"https:\/\/www.canmiquel.cat\/avis-legal\/","url":"https:\/\/www.canmiquel.cat\/avis-legal\/","name":"Aviso legal - Can Miquel","isPartOf":{"@id":"https:\/\/www.canmiquel.cat\/#website"},"primaryImageOfPage":{"@id":"https:\/\/www.canmiquel.cat\/avis-legal\/#primaryimage"},"image":{"@id":"https:\/\/www.canmiquel.cat\/avis-legal\/#primaryimage"},"thumbnailUrl":"https:\/\/www.canmiquel.cat\/wp-content\/uploads\/2020\/09\/Can-Miquel-Avis-legal-H-.jpg","datePublished":"2020-05-29T17:10:04+00:00","dateModified":"2024-09-20T17:31:56+00:00","breadcrumb":{"@id":"https:\/\/www.canmiquel.cat\/avis-legal\/#breadcrumb"},"inLanguage":"es","potentialAction":[{"@type":"ReadAction","target":["https:\/\/www.canmiquel.cat\/avis-legal\/"]}]},{"@type":"ImageObject","inLanguage":"es","@id":"https:\/\/www.canmiquel.cat\/avis-legal\/#primaryimage","url":"https:\/\/www.canmiquel.cat\/wp-content\/uploads\/2020\/09\/Can-Miquel-Avis-legal-H-.jpg","contentUrl":"https:\/\/www.canmiquel.cat\/wp-content\/uploads\/2020\/09\/Can-Miquel-Avis-legal-H-.jpg","width":1400,"height":360,"caption":"Can Miquel | Av\u00eds legal"},{"@type":"BreadcrumbList","@id":"https:\/\/www.canmiquel.cat\/avis-legal\/#breadcrumb","itemListElement":[{"@type":"ListItem","position":1,"name":"Home","item":"https:\/\/www.canmiquel.cat\/"},{"@type":"ListItem","position":2,"name":"Av\u00eds legal"}]},{"@type":"WebSite","@id":"https:\/\/www.canmiquel.cat\/#website","url":"https:\/\/www.canmiquel.cat\/","name":"Can Miquel","description":"Carnisseria i xarcuteria selecta-delicatessen a Sant Feliu de Gu\u00edxols","publisher":{"@id":"https:\/\/www.canmiquel.cat\/#organization"},"potentialAction":[{"@type":"SearchAction","target":{"@type":"EntryPoint","urlTemplate":"https:\/\/www.canmiquel.cat\/?s={search_term_string}"},"query-input":{"@type":"PropertyValueSpecification","valueRequired":true,"valueName":"search_term_string"}}],"inLanguage":"es"},{"@type":"Organization","@id":"https:\/\/www.canmiquel.cat\/#organization","name":"Can Miquel","url":"https:\/\/www.canmiquel.cat\/","logo":{"@type":"ImageObject","inLanguage":"es","@id":"https:\/\/www.canmiquel.cat\/#\/schema\/logo\/image\/","url":"https:\/\/www.canmiquel.cat\/wp-content\/uploads\/2020\/09\/Can-Miquel-Logo.png","contentUrl":"https:\/\/www.canmiquel.cat\/wp-content\/uploads\/2020\/09\/Can-Miquel-Logo.png","width":193,"height":80,"caption":"Can Miquel"},"image":{"@id":"https:\/\/www.canmiquel.cat\/#\/schema\/logo\/image\/"},"sameAs":["https:\/\/www.instagram.com\/eldaudecanmiquel\/"]}]}},"_links":{"self":[{"href":"https:\/\/www.canmiquel.cat\/es\/wp-json\/wp\/v2\/pages\/18","targetHints":{"allow":["GET"]}}],"collection":[{"href":"https:\/\/www.canmiquel.cat\/es\/wp-json\/wp\/v2\/pages"}],"about":[{"href":"https:\/\/www.canmiquel.cat\/es\/wp-json\/wp\/v2\/types\/page"}],"author":[{"embeddable":true,"href":"https:\/\/www.canmiquel.cat\/es\/wp-json\/wp\/v2\/users\/1"}],"replies":[{"embeddable":true,"href":"https:\/\/www.canmiquel.cat\/es\/wp-json\/wp\/v2\/comments?post=18"}],"version-history":[{"count":0,"href":"https:\/\/www.canmiquel.cat\/es\/wp-json\/wp\/v2\/pages\/18\/revisions"}],"wp:featuredmedia":[{"embeddable":true,"href":"https:\/\/www.canmiquel.cat\/es\/wp-json\/wp\/v2\/media\/1487"}],"wp:attachment":[{"href":"https:\/\/www.canmiquel.cat\/es\/wp-json\/wp\/v2\/media?parent=18"}],"curies":[{"name":"wp","href":"https:\/\/api.w.org\/{rel}","templated":true}]}}