{"id":1364,"date":"2020-09-21T15:50:41","date_gmt":"2020-09-21T13:50:41","guid":{"rendered":"https:\/\/www.canmiquel.cat\/?page_id=1364"},"modified":"2026-01-24T11:23:54","modified_gmt":"2026-01-24T10:23:54","slug":"el-dau-de-can-miquel","status":"publish","type":"page","link":"https:\/\/www.canmiquel.cat\/es\/el-dau-de-can-miquel\/","title":{"rendered":"El Dau de Can Miquel"},"content":{"rendered":"<div data-elementor-type=\"wp-page\" data-elementor-id=\"1364\" class=\"elementor elementor-1364\" data-elementor-post-type=\"page\">\n\t\t\t\t\t\t<section class=\"elementor-section elementor-top-section elementor-element elementor-element-78f312a3 elementor-section-full_width elementor-section-height-default elementor-section-height-default\" data-id=\"78f312a3\" data-element_type=\"section\" data-e-type=\"section\">\n\t\t\t\t\t\t<div class=\"elementor-container elementor-column-gap-default\">\n\t\t\t\t\t<div class=\"elementor-column elementor-col-100 elementor-top-column elementor-element elementor-element-3862f83f\" data-id=\"3862f83f\" data-element_type=\"column\" data-e-type=\"column\">\n\t\t\t<div class=\"elementor-widget-wrap elementor-element-populated\">\n\t\t\t\t\t\t<div class=\"elementor-element elementor-element-525ed93f elementor-widget elementor-widget-text-editor\" data-id=\"525ed93f\" data-element_type=\"widget\" data-e-type=\"widget\" data-widget_type=\"text-editor.default\">\n\t\t\t\t\t\t\t\t\t<h2 style=\"text-align: center;\">T\u00fa eliges\u2026 \u00bfterraza o interior?<\/h2><p class=\"translation-block\">Dos espacios con encanto en el centro de <strong>Sant Feliu de Gu\u00edxols<\/strong> donde disfrutar de tu comida o cena en buena compa\u00f1\u00eda.<\/p><p class=\"translation-block\">Bienvenido a <strong>El Dau<\/strong>: un espacio \u00edntimo, peque\u00f1o y acogedor donde haremos que te sientas como en casa\u2026<\/p><h3 style=\"text-align: center;\" class=\"translation-block\"><strong>Buen servicio, buena cocina\u2026 \u00a1s\u00f3lo nos faltas t\u00fa!<\/strong><\/h3>\t\t\t\t\t\t\t\t<\/div>\n\t\t\t\t\t<\/div>\n\t\t<\/div>\n\t\t\t\t\t<\/div>\n\t\t<\/section>\n\t\t\t\t<section class=\"elementor-section elementor-top-section elementor-element elementor-element-190e9c3 elementor-section-full_width elementor-section-height-default elementor-section-height-default\" data-id=\"190e9c3\" data-element_type=\"section\" data-e-type=\"section\">\n\t\t\t\t\t\t<div class=\"elementor-container elementor-column-gap-no\">\n\t\t\t\t\t<div class=\"elementor-column elementor-col-100 elementor-top-column elementor-element elementor-element-39088fd\" data-id=\"39088fd\" data-element_type=\"column\" data-e-type=\"column\">\n\t\t\t<div class=\"elementor-widget-wrap elementor-element-populated\">\n\t\t\t\t\t\t<div class=\"elementor-element elementor-element-f590cc4 elementor-widget elementor-widget-gallery\" data-id=\"f590cc4\" data-element_type=\"widget\" data-e-type=\"widget\" data-settings=\"{&quot;gallery_layout&quot;:&quot;justified&quot;,&quot;gap&quot;:{&quot;unit&quot;:&quot;px&quot;,&quot;size&quot;:4,&quot;sizes&quot;:[]},&quot;background_overlay_hover_animation&quot;:&quot;enter-zoom-in&quot;,&quot;image_hover_animation&quot;:&quot;grow&quot;,&quot;ideal_row_height&quot;:{&quot;unit&quot;:&quot;px&quot;,&quot;size&quot;:220,&quot;sizes&quot;:[]},&quot;ideal_row_height_mobile&quot;:{&quot;unit&quot;:&quot;px&quot;,&quot;size&quot;:180,&quot;sizes&quot;:[]},&quot;gap_tablet&quot;:{&quot;unit&quot;:&quot;px&quot;,&quot;size&quot;:4,&quot;sizes&quot;:[]},&quot;gap_mobile&quot;:{&quot;unit&quot;:&quot;px&quot;,&quot;size&quot;:4,&quot;sizes&quot;:[]},&quot;lazyload&quot;:&quot;yes&quot;,&quot;ideal_row_height_tablet&quot;:{&quot;unit&quot;:&quot;px&quot;,&quot;size&quot;:150,&quot;sizes&quot;:[]},&quot;link_to&quot;:&quot;file&quot;,&quot;overlay_background&quot;:&quot;yes&quot;,&quot;content_hover_animation&quot;:&quot;fade-in&quot;}\" data-widget_type=\"gallery.default\">\n\t\t\t\t\t\t\t<div class=\"elementor-gallery__container\">\n\t\t\t\t\t\t\t<a class=\"e-gallery-item elementor-gallery-item elementor-animated-content\" href=\"https:\/\/www.canmiquel.cat\/wp-content\/uploads\/2026\/01\/Can-Miquel-Restaurant-El-Dau-14.jpg\" data-elementor-open-lightbox=\"yes\" data-elementor-lightbox-slideshow=\"f590cc4\" data-elementor-lightbox-title=\"Can Miquel - Restaurant El Dau\" data-e-action-hash=\"#elementor-action%3Aaction%3Dlightbox%26settings%3DeyJpZCI6Mjc4NywidXJsIjoiaHR0cHM6XC9cL3d3dy5jYW5taXF1ZWwuY2F0XC93cC1jb250ZW50XC91cGxvYWRzXC8yMDI2XC8wMVwvQ2FuLU1pcXVlbC1SZXN0YXVyYW50LUVsLURhdS0xNC5qcGciLCJzbGlkZXNob3ciOiJmNTkwY2M0In0%3D\">\n\t\t\t\t\t<div class=\"e-gallery-image elementor-gallery-item__image\" data-thumbnail=\"https:\/\/www.canmiquel.cat\/wp-content\/uploads\/2026\/01\/Can-Miquel-Restaurant-El-Dau-14.jpg\" data-width=\"900\" data-height=\"671\" aria-label=\"Can Miquel - Restaurant El Dau\" role=\"img\" ><\/div>\n\t\t\t\t\t\t\t\t\t\t\t<div class=\"elementor-gallery-item__overlay\"><\/div>\n\t\t\t\t\t\t\t\t\t\t\t\t\t\t<\/a>\n\t\t\t\t\t\t\t<a class=\"e-gallery-item elementor-gallery-item elementor-animated-content\" href=\"https:\/\/www.canmiquel.cat\/wp-content\/uploads\/2024\/09\/Can-Miquel-Restaurant-El-Dau-4.jpg\" data-elementor-open-lightbox=\"yes\" data-elementor-lightbox-slideshow=\"f590cc4\" data-elementor-lightbox-title=\"Can Miquel - Restaurant El Dau\" data-e-action-hash=\"#elementor-action%3Aaction%3Dlightbox%26settings%3DeyJpZCI6MjQ1NCwidXJsIjoiaHR0cHM6XC9cL3d3dy5jYW5taXF1ZWwuY2F0XC93cC1jb250ZW50XC91cGxvYWRzXC8yMDI0XC8wOVwvQ2FuLU1pcXVlbC1SZXN0YXVyYW50LUVsLURhdS00LmpwZyIsInNsaWRlc2hvdyI6ImY1OTBjYzQifQ%3D%3D\">\n\t\t\t\t\t<div class=\"e-gallery-image elementor-gallery-item__image\" data-thumbnail=\"https:\/\/www.canmiquel.cat\/wp-content\/uploads\/2024\/09\/Can-Miquel-Restaurant-El-Dau-4.jpg\" data-width=\"900\" data-height=\"600\" aria-label=\"Can Miquel - Restaurant El Dau\" role=\"img\" ><\/div>\n\t\t\t\t\t\t\t\t\t\t\t<div class=\"elementor-gallery-item__overlay\"><\/div>\n\t\t\t\t\t\t\t\t\t\t\t\t\t\t<\/a>\n\t\t\t\t\t\t\t<a class=\"e-gallery-item elementor-gallery-item elementor-animated-content\" href=\"https:\/\/www.canmiquel.cat\/wp-content\/uploads\/2024\/09\/Can-Miquel-Restaurant-El-Dau-5.jpeg\" data-elementor-open-lightbox=\"yes\" data-elementor-lightbox-slideshow=\"f590cc4\" data-elementor-lightbox-title=\"Can Miquel - Restaurant El Dau\" data-e-action-hash=\"#elementor-action%3Aaction%3Dlightbox%26settings%3DeyJpZCI6MjQ1NSwidXJsIjoiaHR0cHM6XC9cL3d3dy5jYW5taXF1ZWwuY2F0XC93cC1jb250ZW50XC91cGxvYWRzXC8yMDI0XC8wOVwvQ2FuLU1pcXVlbC1SZXN0YXVyYW50LUVsLURhdS01LmpwZWciLCJzbGlkZXNob3ciOiJmNTkwY2M0In0%3D\">\n\t\t\t\t\t<div class=\"e-gallery-image elementor-gallery-item__image\" data-thumbnail=\"https:\/\/www.canmiquel.cat\/wp-content\/uploads\/2024\/09\/Can-Miquel-Restaurant-El-Dau-5.jpeg\" data-width=\"900\" data-height=\"506\" aria-label=\"Can Miquel - Restaurant El Dau\" role=\"img\" ><\/div>\n\t\t\t\t\t\t\t\t\t\t\t<div class=\"elementor-gallery-item__overlay\"><\/div>\n\t\t\t\t\t\t\t\t\t\t\t\t\t\t<\/a>\n\t\t\t\t\t\t\t<a class=\"e-gallery-item elementor-gallery-item elementor-animated-content\" href=\"https:\/\/www.canmiquel.cat\/wp-content\/uploads\/2024\/09\/Can-Miquel-Restaurant-El-Dau-2.jpg\" data-elementor-open-lightbox=\"yes\" data-elementor-lightbox-slideshow=\"f590cc4\" data-elementor-lightbox-title=\"Can Miquel - Restaurant El Dau\" data-e-action-hash=\"#elementor-action%3Aaction%3Dlightbox%26settings%3DeyJpZCI6MjQ1MCwidXJsIjoiaHR0cHM6XC9cL3d3dy5jYW5taXF1ZWwuY2F0XC93cC1jb250ZW50XC91cGxvYWRzXC8yMDI0XC8wOVwvQ2FuLU1pcXVlbC1SZXN0YXVyYW50LUVsLURhdS0yLmpwZyIsInNsaWRlc2hvdyI6ImY1OTBjYzQifQ%3D%3D\">\n\t\t\t\t\t<div class=\"e-gallery-image elementor-gallery-item__image\" data-thumbnail=\"https:\/\/www.canmiquel.cat\/wp-content\/uploads\/2024\/09\/Can-Miquel-Restaurant-El-Dau-2.jpg\" data-width=\"900\" data-height=\"601\" aria-label=\"Can Miquel - Restaurant El Dau\" role=\"img\" ><\/div>\n\t\t\t\t\t\t\t\t\t\t\t<div class=\"elementor-gallery-item__overlay\"><\/div>\n\t\t\t\t\t\t\t\t\t\t\t\t\t\t<\/a>\n\t\t\t\t\t\t\t<a class=\"e-gallery-item elementor-gallery-item elementor-animated-content\" href=\"https:\/\/www.canmiquel.cat\/wp-content\/uploads\/2024\/09\/Can-Miquel-Restaurant-El-Dau-1.jpg\" data-elementor-open-lightbox=\"yes\" data-elementor-lightbox-slideshow=\"f590cc4\" data-elementor-lightbox-title=\"Can Miquel - Restaurant El Dau\" data-e-action-hash=\"#elementor-action%3Aaction%3Dlightbox%26settings%3DeyJpZCI6MjQ0OCwidXJsIjoiaHR0cHM6XC9cL3d3dy5jYW5taXF1ZWwuY2F0XC93cC1jb250ZW50XC91cGxvYWRzXC8yMDI0XC8wOVwvQ2FuLU1pcXVlbC1SZXN0YXVyYW50LUVsLURhdS0xLmpwZyIsInNsaWRlc2hvdyI6ImY1OTBjYzQifQ%3D%3D\">\n\t\t\t\t\t<div class=\"e-gallery-image elementor-gallery-item__image\" data-thumbnail=\"https:\/\/www.canmiquel.cat\/wp-content\/uploads\/2024\/09\/Can-Miquel-Restaurant-El-Dau-1.jpg\" data-width=\"900\" data-height=\"601\" aria-label=\"Can Miquel - Restaurant El Dau\" role=\"img\" ><\/div>\n\t\t\t\t\t\t\t\t\t\t\t<div class=\"elementor-gallery-item__overlay\"><\/div>\n\t\t\t\t\t\t\t\t\t\t\t\t\t\t<\/a>\n\t\t\t\t\t\t\t<a class=\"e-gallery-item elementor-gallery-item elementor-animated-content\" href=\"https:\/\/www.canmiquel.cat\/wp-content\/uploads\/2024\/09\/Can-Miquel-Restaurant-El-Dau-4.jpeg\" data-elementor-open-lightbox=\"yes\" data-elementor-lightbox-slideshow=\"f590cc4\" data-elementor-lightbox-title=\"Can Miquel - Restaurant El Dau\" data-e-action-hash=\"#elementor-action%3Aaction%3Dlightbox%26settings%3DeyJpZCI6MjQ1MywidXJsIjoiaHR0cHM6XC9cL3d3dy5jYW5taXF1ZWwuY2F0XC93cC1jb250ZW50XC91cGxvYWRzXC8yMDI0XC8wOVwvQ2FuLU1pcXVlbC1SZXN0YXVyYW50LUVsLURhdS00LmpwZWciLCJzbGlkZXNob3ciOiJmNTkwY2M0In0%3D\">\n\t\t\t\t\t<div class=\"e-gallery-image elementor-gallery-item__image\" data-thumbnail=\"https:\/\/www.canmiquel.cat\/wp-content\/uploads\/2024\/09\/Can-Miquel-Restaurant-El-Dau-4.jpeg\" data-width=\"900\" data-height=\"675\" aria-label=\"Can Miquel - Restaurant El Dau\" role=\"img\" ><\/div>\n\t\t\t\t\t\t\t\t\t\t\t<div class=\"elementor-gallery-item__overlay\"><\/div>\n\t\t\t\t\t\t\t\t\t\t\t\t\t\t<\/a>\n\t\t\t\t\t\t\t<a class=\"e-gallery-item elementor-gallery-item elementor-animated-content\" href=\"https:\/\/www.canmiquel.cat\/wp-content\/uploads\/2024\/09\/Can-Miquel-Restaurant-El-Dau-10.jpeg\" data-elementor-open-lightbox=\"yes\" data-elementor-lightbox-slideshow=\"f590cc4\" data-elementor-lightbox-title=\"Can Miquel - Restaurant El Dau\" data-e-action-hash=\"#elementor-action%3Aaction%3Dlightbox%26settings%3DeyJpZCI6MjQ2MSwidXJsIjoiaHR0cHM6XC9cL3d3dy5jYW5taXF1ZWwuY2F0XC93cC1jb250ZW50XC91cGxvYWRzXC8yMDI0XC8wOVwvQ2FuLU1pcXVlbC1SZXN0YXVyYW50LUVsLURhdS0xMC5qcGVnIiwic2xpZGVzaG93IjoiZjU5MGNjNCJ9\">\n\t\t\t\t\t<div class=\"e-gallery-image elementor-gallery-item__image\" data-thumbnail=\"https:\/\/www.canmiquel.cat\/wp-content\/uploads\/2024\/09\/Can-Miquel-Restaurant-El-Dau-10.jpeg\" data-width=\"900\" data-height=\"675\" aria-label=\"Can Miquel - Restaurant El Dau\" role=\"img\" ><\/div>\n\t\t\t\t\t\t\t\t\t\t\t<div class=\"elementor-gallery-item__overlay\"><\/div>\n\t\t\t\t\t\t\t\t\t\t\t\t\t\t<\/a>\n\t\t\t\t\t\t\t<a class=\"e-gallery-item elementor-gallery-item elementor-animated-content\" href=\"https:\/\/www.canmiquel.cat\/wp-content\/uploads\/2024\/09\/Can-Miquel-Restaurant-El-Dau-13.jpeg\" data-elementor-open-lightbox=\"yes\" data-elementor-lightbox-slideshow=\"f590cc4\" data-elementor-lightbox-title=\"Can Miquel - Restaurant El Dau\" data-e-action-hash=\"#elementor-action%3Aaction%3Dlightbox%26settings%3DeyJpZCI6MjQ2NCwidXJsIjoiaHR0cHM6XC9cL3d3dy5jYW5taXF1ZWwuY2F0XC93cC1jb250ZW50XC91cGxvYWRzXC8yMDI0XC8wOVwvQ2FuLU1pcXVlbC1SZXN0YXVyYW50LUVsLURhdS0xMy5qcGVnIiwic2xpZGVzaG93IjoiZjU5MGNjNCJ9\">\n\t\t\t\t\t<div class=\"e-gallery-image elementor-gallery-item__image\" data-thumbnail=\"https:\/\/www.canmiquel.cat\/wp-content\/uploads\/2024\/09\/Can-Miquel-Restaurant-El-Dau-13.jpeg\" data-width=\"900\" data-height=\"506\" aria-label=\"Can Miquel - Restaurant El Dau\" role=\"img\" ><\/div>\n\t\t\t\t\t\t\t\t\t\t\t<div class=\"elementor-gallery-item__overlay\"><\/div>\n\t\t\t\t\t\t\t\t\t\t\t\t\t\t<\/a>\n\t\t\t\t\t\t\t<a class=\"e-gallery-item elementor-gallery-item elementor-animated-content\" href=\"https:\/\/www.canmiquel.cat\/wp-content\/uploads\/2024\/09\/Can-Miquel-Restaurant-El-Dau-5.jpg\" data-elementor-open-lightbox=\"yes\" data-elementor-lightbox-slideshow=\"f590cc4\" data-elementor-lightbox-title=\"Can Miquel - Restaurant El Dau\" data-e-action-hash=\"#elementor-action%3Aaction%3Dlightbox%26settings%3DeyJpZCI6MjQ1NiwidXJsIjoiaHR0cHM6XC9cL3d3dy5jYW5taXF1ZWwuY2F0XC93cC1jb250ZW50XC91cGxvYWRzXC8yMDI0XC8wOVwvQ2FuLU1pcXVlbC1SZXN0YXVyYW50LUVsLURhdS01LmpwZyIsInNsaWRlc2hvdyI6ImY1OTBjYzQifQ%3D%3D\">\n\t\t\t\t\t<div class=\"e-gallery-image elementor-gallery-item__image\" data-thumbnail=\"https:\/\/www.canmiquel.cat\/wp-content\/uploads\/2024\/09\/Can-Miquel-Restaurant-El-Dau-5.jpg\" data-width=\"900\" data-height=\"600\" aria-label=\"Can Miquel - Restaurant El Dau\" role=\"img\" ><\/div>\n\t\t\t\t\t\t\t\t\t\t\t<div class=\"elementor-gallery-item__overlay\"><\/div>\n\t\t\t\t\t\t\t\t\t\t\t\t\t\t<\/a>\n\t\t\t\t\t\t\t<a class=\"e-gallery-item elementor-gallery-item elementor-animated-content\" href=\"https:\/\/www.canmiquel.cat\/wp-content\/uploads\/2024\/09\/Can-Miquel-Restaurant-El-Dau-6.jpeg\" data-elementor-open-lightbox=\"yes\" data-elementor-lightbox-slideshow=\"f590cc4\" data-elementor-lightbox-title=\"Can Miquel - Restaurant El Dau\" data-e-action-hash=\"#elementor-action%3Aaction%3Dlightbox%26settings%3DeyJpZCI6MjQ1NywidXJsIjoiaHR0cHM6XC9cL3d3dy5jYW5taXF1ZWwuY2F0XC93cC1jb250ZW50XC91cGxvYWRzXC8yMDI0XC8wOVwvQ2FuLU1pcXVlbC1SZXN0YXVyYW50LUVsLURhdS02LmpwZWciLCJzbGlkZXNob3ciOiJmNTkwY2M0In0%3D\">\n\t\t\t\t\t<div class=\"e-gallery-image elementor-gallery-item__image\" data-thumbnail=\"https:\/\/www.canmiquel.cat\/wp-content\/uploads\/2024\/09\/Can-Miquel-Restaurant-El-Dau-6.jpeg\" data-width=\"900\" data-height=\"506\" aria-label=\"Can Miquel - Restaurant El Dau\" role=\"img\" ><\/div>\n\t\t\t\t\t\t\t\t\t\t\t<div class=\"elementor-gallery-item__overlay\"><\/div>\n\t\t\t\t\t\t\t\t\t\t\t\t\t\t<\/a>\n\t\t\t\t\t\t\t<a class=\"e-gallery-item elementor-gallery-item elementor-animated-content\" href=\"https:\/\/www.canmiquel.cat\/wp-content\/uploads\/2024\/09\/Can-Miquel-Restaurant-El-Dau-1.jpeg\" data-elementor-open-lightbox=\"yes\" data-elementor-lightbox-slideshow=\"f590cc4\" data-elementor-lightbox-title=\"Can Miquel - Restaurant El Dau\" data-e-action-hash=\"#elementor-action%3Aaction%3Dlightbox%26settings%3DeyJpZCI6MjQ0NywidXJsIjoiaHR0cHM6XC9cL3d3dy5jYW5taXF1ZWwuY2F0XC93cC1jb250ZW50XC91cGxvYWRzXC8yMDI0XC8wOVwvQ2FuLU1pcXVlbC1SZXN0YXVyYW50LUVsLURhdS0xLmpwZWciLCJzbGlkZXNob3ciOiJmNTkwY2M0In0%3D\">\n\t\t\t\t\t<div class=\"e-gallery-image elementor-gallery-item__image\" data-thumbnail=\"https:\/\/www.canmiquel.cat\/wp-content\/uploads\/2024\/09\/Can-Miquel-Restaurant-El-Dau-1.jpeg\" data-width=\"900\" data-height=\"675\" aria-label=\"Can Miquel - Restaurant El Dau\" role=\"img\" ><\/div>\n\t\t\t\t\t\t\t\t\t\t\t<div class=\"elementor-gallery-item__overlay\"><\/div>\n\t\t\t\t\t\t\t\t\t\t\t\t\t\t<\/a>\n\t\t\t\t\t\t\t<a class=\"e-gallery-item elementor-gallery-item elementor-animated-content\" href=\"https:\/\/www.canmiquel.cat\/wp-content\/uploads\/2024\/09\/Can-Miquel-Restaurant-El-Dau-7.jpeg\" data-elementor-open-lightbox=\"yes\" data-elementor-lightbox-slideshow=\"f590cc4\" data-elementor-lightbox-title=\"Can Miquel - Restaurant El Dau\" data-e-action-hash=\"#elementor-action%3Aaction%3Dlightbox%26settings%3DeyJpZCI6MjQ1OCwidXJsIjoiaHR0cHM6XC9cL3d3dy5jYW5taXF1ZWwuY2F0XC93cC1jb250ZW50XC91cGxvYWRzXC8yMDI0XC8wOVwvQ2FuLU1pcXVlbC1SZXN0YXVyYW50LUVsLURhdS03LmpwZWciLCJzbGlkZXNob3ciOiJmNTkwY2M0In0%3D\">\n\t\t\t\t\t<div class=\"e-gallery-image elementor-gallery-item__image\" data-thumbnail=\"https:\/\/www.canmiquel.cat\/wp-content\/uploads\/2024\/09\/Can-Miquel-Restaurant-El-Dau-7.jpeg\" data-width=\"900\" data-height=\"675\" aria-label=\"Can Miquel - Restaurant El Dau\" role=\"img\" ><\/div>\n\t\t\t\t\t\t\t\t\t\t\t<div class=\"elementor-gallery-item__overlay\"><\/div>\n\t\t\t\t\t\t\t\t\t\t\t\t\t\t<\/a>\n\t\t\t\t\t\t\t<a class=\"e-gallery-item elementor-gallery-item elementor-animated-content\" href=\"https:\/\/www.canmiquel.cat\/wp-content\/uploads\/2024\/09\/Can-Miquel-Restaurant-El-Dau-2.jpeg\" data-elementor-open-lightbox=\"yes\" data-elementor-lightbox-slideshow=\"f590cc4\" data-elementor-lightbox-title=\"Can Miquel - Restaurant El Dau\" data-e-action-hash=\"#elementor-action%3Aaction%3Dlightbox%26settings%3DeyJpZCI6MjQ0OSwidXJsIjoiaHR0cHM6XC9cL3d3dy5jYW5taXF1ZWwuY2F0XC93cC1jb250ZW50XC91cGxvYWRzXC8yMDI0XC8wOVwvQ2FuLU1pcXVlbC1SZXN0YXVyYW50LUVsLURhdS0yLmpwZWciLCJzbGlkZXNob3ciOiJmNTkwY2M0In0%3D\">\n\t\t\t\t\t<div class=\"e-gallery-image elementor-gallery-item__image\" data-thumbnail=\"https:\/\/www.canmiquel.cat\/wp-content\/uploads\/2024\/09\/Can-Miquel-Restaurant-El-Dau-2.jpeg\" data-width=\"900\" data-height=\"675\" aria-label=\"Can Miquel - Restaurant El Dau\" role=\"img\" ><\/div>\n\t\t\t\t\t\t\t\t\t\t\t<div class=\"elementor-gallery-item__overlay\"><\/div>\n\t\t\t\t\t\t\t\t\t\t\t\t\t\t<\/a>\n\t\t\t\t\t\t\t<a class=\"e-gallery-item elementor-gallery-item elementor-animated-content\" href=\"https:\/\/www.canmiquel.cat\/wp-content\/uploads\/2024\/09\/Can-Miquel-Restaurant-El-Dau-3.jpg\" data-elementor-open-lightbox=\"yes\" data-elementor-lightbox-slideshow=\"f590cc4\" data-elementor-lightbox-title=\"Can Can Miquel - Restaurant El DauMiquel - Restaurant El Dau - (3)\" data-e-action-hash=\"#elementor-action%3Aaction%3Dlightbox%26settings%3DeyJpZCI6MjQ1MiwidXJsIjoiaHR0cHM6XC9cL3d3dy5jYW5taXF1ZWwuY2F0XC93cC1jb250ZW50XC91cGxvYWRzXC8yMDI0XC8wOVwvQ2FuLU1pcXVlbC1SZXN0YXVyYW50LUVsLURhdS0zLmpwZyIsInNsaWRlc2hvdyI6ImY1OTBjYzQifQ%3D%3D\">\n\t\t\t\t\t<div class=\"e-gallery-image elementor-gallery-item__image\" data-thumbnail=\"https:\/\/www.canmiquel.cat\/wp-content\/uploads\/2024\/09\/Can-Miquel-Restaurant-El-Dau-3.jpg\" data-width=\"900\" data-height=\"600\" aria-label=\"Can Miquel - Restaurant El Dau\" role=\"img\" ><\/div>\n\t\t\t\t\t\t\t\t\t\t\t<div class=\"elementor-gallery-item__overlay\"><\/div>\n\t\t\t\t\t\t\t\t\t\t\t\t\t\t<\/a>\n\t\t\t\t\t\t\t<a class=\"e-gallery-item elementor-gallery-item elementor-animated-content\" href=\"https:\/\/www.canmiquel.cat\/wp-content\/uploads\/2024\/09\/Can-Miquel-Restaurant-El-Dau-8.jpeg\" data-elementor-open-lightbox=\"yes\" data-elementor-lightbox-slideshow=\"f590cc4\" data-elementor-lightbox-title=\"Can Miquel - Restaurant El Dau\" data-e-action-hash=\"#elementor-action%3Aaction%3Dlightbox%26settings%3DeyJpZCI6MjQ1OSwidXJsIjoiaHR0cHM6XC9cL3d3dy5jYW5taXF1ZWwuY2F0XC93cC1jb250ZW50XC91cGxvYWRzXC8yMDI0XC8wOVwvQ2FuLU1pcXVlbC1SZXN0YXVyYW50LUVsLURhdS04LmpwZWciLCJzbGlkZXNob3ciOiJmNTkwY2M0In0%3D\">\n\t\t\t\t\t<div class=\"e-gallery-image elementor-gallery-item__image\" data-thumbnail=\"https:\/\/www.canmiquel.cat\/wp-content\/uploads\/2024\/09\/Can-Miquel-Restaurant-El-Dau-8.jpeg\" data-width=\"900\" data-height=\"506\" aria-label=\"Can Miquel - Restaurant El Dau\" role=\"img\" ><\/div>\n\t\t\t\t\t\t\t\t\t\t\t<div class=\"elementor-gallery-item__overlay\"><\/div>\n\t\t\t\t\t\t\t\t\t\t\t\t\t\t<\/a>\n\t\t\t\t\t<\/div>\n\t\t\t\t\t<\/div>\n\t\t\t\t\t<\/div>\n\t\t<\/div>\n\t\t\t\t\t<\/div>\n\t\t<\/section>\n\t\t\t\t<\/div>","protected":false},"excerpt":{"rendered":"<p>Tu tries&#8230; terrassa o interior? Dos espais amb encant al centre de Sant Feliu de Gu\u00edxols on gaudir del teu dinar o sopar en bona companyia. Benvingut a El Dau: un espai \u00edntim, petit i acollidor on farem que et sentis com a casa&#8230; Bon servei, bona cuina&#8230; nom\u00e9s ens faltes tu!<\/p>","protected":false},"author":1,"featured_media":1478,"parent":0,"menu_order":0,"comment_status":"closed","ping_status":"closed","template":"","meta":{"footnotes":""},"class_list":["post-1364","page","type-page","status-publish","has-post-thumbnail","hentry"],"yoast_head":"<!-- This site is optimized with the Yoast SEO plugin v27.5 - https:\/\/yoast.com\/product\/yoast-seo-wordpress\/ -->\n<title>El Dau de Can Miquel - Can Miquel<\/title>\n<meta name=\"robots\" content=\"index, follow, max-snippet:-1, max-image-preview:large, max-video-preview:-1\" \/>\n<link rel=\"canonical\" href=\"https:\/\/www.canmiquel.cat\/es\/el-dau-de-can-miquel\/\" \/>\n<meta property=\"og:locale\" content=\"es_ES\" \/>\n<meta property=\"og:type\" content=\"article\" \/>\n<meta property=\"og:title\" content=\"El Dau de Can Miquel - Can Miquel\" \/>\n<meta property=\"og:description\" content=\"Tu tries&#8230; terrassa o interior? Dos espais amb encant al centre de Sant Feliu de Gu\u00edxols on gaudir del teu dinar o sopar en bona companyia. Benvingut a El Dau: un espai \u00edntim, petit i acollidor on farem que et sentis com a casa&#8230; Bon servei, bona cuina&#8230; nom\u00e9s ens faltes tu!\" \/>\n<meta property=\"og:url\" content=\"https:\/\/www.canmiquel.cat\/es\/el-dau-de-can-miquel\/\" \/>\n<meta property=\"og:site_name\" content=\"Can Miquel\" \/>\n<meta property=\"article:modified_time\" content=\"2026-01-24T10:23:54+00:00\" \/>\n<meta property=\"og:image\" content=\"https:\/\/www.canmiquel.cat\/wp-content\/uploads\/2020\/09\/Can-Miquel-El-Dau-de-Can-Miquel-H-.jpg\" \/>\n\t<meta property=\"og:image:width\" content=\"1400\" \/>\n\t<meta property=\"og:image:height\" content=\"360\" \/>\n\t<meta property=\"og:image:type\" content=\"image\/jpeg\" \/>\n<meta name=\"twitter:card\" content=\"summary_large_image\" \/>\n<meta name=\"twitter:label1\" content=\"Tiempo de lectura\" \/>\n\t<meta name=\"twitter:data1\" content=\"1 minuto\" \/>\n<script type=\"application\/ld+json\" class=\"yoast-schema-graph\">{\"@context\":\"https:\\\/\\\/schema.org\",\"@graph\":[{\"@type\":\"WebPage\",\"@id\":\"https:\\\/\\\/www.canmiquel.cat\\\/el-dau-de-can-miquel\\\/\",\"url\":\"https:\\\/\\\/www.canmiquel.cat\\\/el-dau-de-can-miquel\\\/\",\"name\":\"El Dau de Can Miquel - Can Miquel\",\"isPartOf\":{\"@id\":\"https:\\\/\\\/www.canmiquel.cat\\\/#website\"},\"primaryImageOfPage\":{\"@id\":\"https:\\\/\\\/www.canmiquel.cat\\\/el-dau-de-can-miquel\\\/#primaryimage\"},\"image\":{\"@id\":\"https:\\\/\\\/www.canmiquel.cat\\\/el-dau-de-can-miquel\\\/#primaryimage\"},\"thumbnailUrl\":\"https:\\\/\\\/www.canmiquel.cat\\\/wp-content\\\/uploads\\\/2020\\\/09\\\/Can-Miquel-El-Dau-de-Can-Miquel-H-.jpg\",\"datePublished\":\"2020-09-21T13:50:41+00:00\",\"dateModified\":\"2026-01-24T10:23:54+00:00\",\"breadcrumb\":{\"@id\":\"https:\\\/\\\/www.canmiquel.cat\\\/el-dau-de-can-miquel\\\/#breadcrumb\"},\"inLanguage\":\"es\",\"potentialAction\":[{\"@type\":\"ReadAction\",\"target\":[\"https:\\\/\\\/www.canmiquel.cat\\\/el-dau-de-can-miquel\\\/\"]}]},{\"@type\":\"ImageObject\",\"inLanguage\":\"es\",\"@id\":\"https:\\\/\\\/www.canmiquel.cat\\\/el-dau-de-can-miquel\\\/#primaryimage\",\"url\":\"https:\\\/\\\/www.canmiquel.cat\\\/wp-content\\\/uploads\\\/2020\\\/09\\\/Can-Miquel-El-Dau-de-Can-Miquel-H-.jpg\",\"contentUrl\":\"https:\\\/\\\/www.canmiquel.cat\\\/wp-content\\\/uploads\\\/2020\\\/09\\\/Can-Miquel-El-Dau-de-Can-Miquel-H-.jpg\",\"width\":1400,\"height\":360,\"caption\":\"Can Miquel | El Dau de Can Miquel\"},{\"@type\":\"BreadcrumbList\",\"@id\":\"https:\\\/\\\/www.canmiquel.cat\\\/el-dau-de-can-miquel\\\/#breadcrumb\",\"itemListElement\":[{\"@type\":\"ListItem\",\"position\":1,\"name\":\"Home\",\"item\":\"https:\\\/\\\/www.canmiquel.cat\\\/\"},{\"@type\":\"ListItem\",\"position\":2,\"name\":\"El Dau de Can Miquel\"}]},{\"@type\":\"WebSite\",\"@id\":\"https:\\\/\\\/www.canmiquel.cat\\\/#website\",\"url\":\"https:\\\/\\\/www.canmiquel.cat\\\/\",\"name\":\"Can Miquel\",\"description\":\"Carnisseria i xarcuteria selecta-delicatessen a Sant Feliu de Gu\u00edxols\",\"publisher\":{\"@id\":\"https:\\\/\\\/www.canmiquel.cat\\\/#organization\"},\"potentialAction\":[{\"@type\":\"SearchAction\",\"target\":{\"@type\":\"EntryPoint\",\"urlTemplate\":\"https:\\\/\\\/www.canmiquel.cat\\\/?s={search_term_string}\"},\"query-input\":{\"@type\":\"PropertyValueSpecification\",\"valueRequired\":true,\"valueName\":\"search_term_string\"}}],\"inLanguage\":\"es\"},{\"@type\":\"Organization\",\"@id\":\"https:\\\/\\\/www.canmiquel.cat\\\/#organization\",\"name\":\"Can Miquel\",\"url\":\"https:\\\/\\\/www.canmiquel.cat\\\/\",\"logo\":{\"@type\":\"ImageObject\",\"inLanguage\":\"es\",\"@id\":\"https:\\\/\\\/www.canmiquel.cat\\\/#\\\/schema\\\/logo\\\/image\\\/\",\"url\":\"https:\\\/\\\/www.canmiquel.cat\\\/wp-content\\\/uploads\\\/2020\\\/09\\\/Can-Miquel-Logo.png\",\"contentUrl\":\"https:\\\/\\\/www.canmiquel.cat\\\/wp-content\\\/uploads\\\/2020\\\/09\\\/Can-Miquel-Logo.png\",\"width\":193,\"height\":80,\"caption\":\"Can Miquel\"},\"image\":{\"@id\":\"https:\\\/\\\/www.canmiquel.cat\\\/#\\\/schema\\\/logo\\\/image\\\/\"},\"sameAs\":[\"https:\\\/\\\/www.instagram.com\\\/eldaudecanmiquel\\\/\"]}]}<\/script>\n<!-- \/ Yoast SEO plugin. -->","yoast_head_json":{"title":"El Dau de Can Miquel - Can Miquel","robots":{"index":"index","follow":"follow","max-snippet":"max-snippet:-1","max-image-preview":"max-image-preview:large","max-video-preview":"max-video-preview:-1"},"canonical":"https:\/\/www.canmiquel.cat\/es\/el-dau-de-can-miquel\/","og_locale":"es_ES","og_type":"article","og_title":"El Dau de Can Miquel - Can Miquel","og_description":"Tu tries&#8230; terrassa o interior? Dos espais amb encant al centre de Sant Feliu de Gu\u00edxols on gaudir del teu dinar o sopar en bona companyia. Benvingut a El Dau: un espai \u00edntim, petit i acollidor on farem que et sentis com a casa&#8230; Bon servei, bona cuina&#8230; nom\u00e9s ens faltes tu!","og_url":"https:\/\/www.canmiquel.cat\/es\/el-dau-de-can-miquel\/","og_site_name":"Can Miquel","article_modified_time":"2026-01-24T10:23:54+00:00","og_image":[{"width":1400,"height":360,"url":"https:\/\/www.canmiquel.cat\/wp-content\/uploads\/2020\/09\/Can-Miquel-El-Dau-de-Can-Miquel-H-.jpg","type":"image\/jpeg"}],"twitter_card":"summary_large_image","twitter_misc":{"Tiempo de lectura":"1 minuto"},"schema":{"@context":"https:\/\/schema.org","@graph":[{"@type":"WebPage","@id":"https:\/\/www.canmiquel.cat\/el-dau-de-can-miquel\/","url":"https:\/\/www.canmiquel.cat\/el-dau-de-can-miquel\/","name":"El Dau de Can Miquel - Can Miquel","isPartOf":{"@id":"https:\/\/www.canmiquel.cat\/#website"},"primaryImageOfPage":{"@id":"https:\/\/www.canmiquel.cat\/el-dau-de-can-miquel\/#primaryimage"},"image":{"@id":"https:\/\/www.canmiquel.cat\/el-dau-de-can-miquel\/#primaryimage"},"thumbnailUrl":"https:\/\/www.canmiquel.cat\/wp-content\/uploads\/2020\/09\/Can-Miquel-El-Dau-de-Can-Miquel-H-.jpg","datePublished":"2020-09-21T13:50:41+00:00","dateModified":"2026-01-24T10:23:54+00:00","breadcrumb":{"@id":"https:\/\/www.canmiquel.cat\/el-dau-de-can-miquel\/#breadcrumb"},"inLanguage":"es","potentialAction":[{"@type":"ReadAction","target":["https:\/\/www.canmiquel.cat\/el-dau-de-can-miquel\/"]}]},{"@type":"ImageObject","inLanguage":"es","@id":"https:\/\/www.canmiquel.cat\/el-dau-de-can-miquel\/#primaryimage","url":"https:\/\/www.canmiquel.cat\/wp-content\/uploads\/2020\/09\/Can-Miquel-El-Dau-de-Can-Miquel-H-.jpg","contentUrl":"https:\/\/www.canmiquel.cat\/wp-content\/uploads\/2020\/09\/Can-Miquel-El-Dau-de-Can-Miquel-H-.jpg","width":1400,"height":360,"caption":"Can Miquel | El Dau de Can Miquel"},{"@type":"BreadcrumbList","@id":"https:\/\/www.canmiquel.cat\/el-dau-de-can-miquel\/#breadcrumb","itemListElement":[{"@type":"ListItem","position":1,"name":"Home","item":"https:\/\/www.canmiquel.cat\/"},{"@type":"ListItem","position":2,"name":"El Dau de Can Miquel"}]},{"@type":"WebSite","@id":"https:\/\/www.canmiquel.cat\/#website","url":"https:\/\/www.canmiquel.cat\/","name":"Can Miquel","description":"Carnisseria i xarcuteria selecta-delicatessen a Sant Feliu de Gu\u00edxols","publisher":{"@id":"https:\/\/www.canmiquel.cat\/#organization"},"potentialAction":[{"@type":"SearchAction","target":{"@type":"EntryPoint","urlTemplate":"https:\/\/www.canmiquel.cat\/?s={search_term_string}"},"query-input":{"@type":"PropertyValueSpecification","valueRequired":true,"valueName":"search_term_string"}}],"inLanguage":"es"},{"@type":"Organization","@id":"https:\/\/www.canmiquel.cat\/#organization","name":"Can Miquel","url":"https:\/\/www.canmiquel.cat\/","logo":{"@type":"ImageObject","inLanguage":"es","@id":"https:\/\/www.canmiquel.cat\/#\/schema\/logo\/image\/","url":"https:\/\/www.canmiquel.cat\/wp-content\/uploads\/2020\/09\/Can-Miquel-Logo.png","contentUrl":"https:\/\/www.canmiquel.cat\/wp-content\/uploads\/2020\/09\/Can-Miquel-Logo.png","width":193,"height":80,"caption":"Can Miquel"},"image":{"@id":"https:\/\/www.canmiquel.cat\/#\/schema\/logo\/image\/"},"sameAs":["https:\/\/www.instagram.com\/eldaudecanmiquel\/"]}]}},"_links":{"self":[{"href":"https:\/\/www.canmiquel.cat\/es\/wp-json\/wp\/v2\/pages\/1364","targetHints":{"allow":["GET"]}}],"collection":[{"href":"https:\/\/www.canmiquel.cat\/es\/wp-json\/wp\/v2\/pages"}],"about":[{"href":"https:\/\/www.canmiquel.cat\/es\/wp-json\/wp\/v2\/types\/page"}],"author":[{"embeddable":true,"href":"https:\/\/www.canmiquel.cat\/es\/wp-json\/wp\/v2\/users\/1"}],"replies":[{"embeddable":true,"href":"https:\/\/www.canmiquel.cat\/es\/wp-json\/wp\/v2\/comments?post=1364"}],"version-history":[{"count":0,"href":"https:\/\/www.canmiquel.cat\/es\/wp-json\/wp\/v2\/pages\/1364\/revisions"}],"wp:featuredmedia":[{"embeddable":true,"href":"https:\/\/www.canmiquel.cat\/es\/wp-json\/wp\/v2\/media\/1478"}],"wp:attachment":[{"href":"https:\/\/www.canmiquel.cat\/es\/wp-json\/wp\/v2\/media?parent=1364"}],"curies":[{"name":"wp","href":"https:\/\/api.w.org\/{rel}","templated":true}]}}